{"id":3,"date":"2018-11-05T11:43:27","date_gmt":"2018-11-05T10:43:27","guid":{"rendered":"https:\/\/exklusiv.schrankplaner.de\/?page_id=3"},"modified":"2025-01-07T13:02:50","modified_gmt":"2025-01-07T12:02:50","slug":"datenschutzerklaerung","status":"publish","type":"page","link":"https:\/\/www.schrankplaner.de\/exklusiv\/datenschutzerklaerung\/","title":{"rendered":"Datenschutzerkl\u00e4rung"},"content":{"rendered":"\t\t<div data-elementor-type=\"wp-page\" data-elementor-id=\"3\" class=\"elementor elementor-3\" data-elementor-post-type=\"page\">\n\t\t\t\t\t\t<section data-particle_enable=\"false\" data-particle-mobile-disabled=\"false\" class=\"elementor-section elementor-top-section elementor-element elementor-element-65b7e072 elementor-section-height-min-height elementor-section-items-bottom elementor-hidden-tablet elementor-hidden-phone elementor-section-boxed elementor-section-height-default elementor-invisible\" data-id=\"65b7e072\" data-element_type=\"section\" data-settings=\"{&quot;background_background&quot;:&quot;classic&quot;,&quot;animation&quot;:&quot;pulse&quot;,&quot;animation_delay&quot;:500}\">\n\t\t\t\t\t\t<div class=\"elementor-container elementor-column-gap-no\">\n\t\t\t\t\t<div class=\"elementor-column elementor-col-100 elementor-top-column elementor-element elementor-element-4134f9be\" data-id=\"4134f9be\" data-element_type=\"column\">\n\t\t\t<div class=\"elementor-widget-wrap elementor-element-populated\">\n\t\t\t\t\t\t<div class=\"elementor-element elementor-element-6902b0c0 elementor-hidden-tablet elementor-hidden-mobile elementor-widget elementor-widget-global elementor-global-1227 elementor-widget-text-editor\" data-id=\"6902b0c0\" data-element_type=\"widget\" data-widget_type=\"text-editor.default\">\n\t\t\t\t<div class=\"elementor-widget-container\">\n\t\t\t\t\t\t\t\t\t<table style=\"height: 10px; width: 100%; border-collapse: collapse; border-style: none;\">\n<tbody>\n<tr style=\"height: 10px; border-style: none;\">\n<td style=\"width: 11.2%; height: 10px; border-style: none;\"><sub><span style=\"color: #ff0000;\">\u25cf<\/span> 2-Mann Lieferung<\/sub><\/td>\n<td style=\"width: 11.3%; height: 10px; border-style: none;\"><sub><span style=\"color: #ff0000;\">\u25cf<\/span> Made in Germany<\/sub><\/td>\n<td style=\"width: 11.0%; height: 10px; border-style: none;\"><sub><span style=\"color: #ff0000;\">\u25cf<\/span> 5 Jahre Garantie<\/sub><\/td>\n<td style=\"width: 15.3919%; height: 10px; border-style: none;\"><sub><span style=\"color: #ff0000;\">\u25cf<\/span> 50.000 Schr\u00e4nke Erfahrung<\/sub><\/td>\n<td style=\"width: 23.7658%; height: 10px; border-style: none;\"><sub><span style=\"color: #ff0000;\">\u25cf<\/span> 3 &#8211; 5 Wochen Lieferzeit oder <a href=\"https:\/\/www.schrankplaner.de\/expresslieferung\">Expresslieferung<\/a><\/sub><\/td>\n<td style=\"width: 32.8088%; height: 10px; border-style: none;\"><sub><span style=\"color: #ff0000;\">\u25cf<\/span> Kundenurteil: sehr gut<\/sub><\/td>\n<\/tr>\n<\/tbody>\n<\/table>\t\t\t\t\t\t\t\t<\/div>\n\t\t\t\t<\/div>\n\t\t\t\t\t<\/div>\n\t\t<\/div>\n\t\t\t\t\t<\/div>\n\t\t<\/section>\n\t\t\t\t<section data-particle_enable=\"false\" data-particle-mobile-disabled=\"false\" class=\"elementor-section elementor-top-section elementor-element elementor-element-35a7f8a7 elementor-section-boxed elementor-section-height-default elementor-section-height-default\" data-id=\"35a7f8a7\" data-element_type=\"section\" data-settings=\"{&quot;background_background&quot;:&quot;classic&quot;}\">\n\t\t\t\t\t\t<div class=\"elementor-container elementor-column-gap-default\">\n\t\t\t\t\t<div class=\"elementor-column elementor-col-50 elementor-top-column elementor-element elementor-element-2f6627d\" data-id=\"2f6627d\" data-element_type=\"column\">\n\t\t\t<div class=\"elementor-widget-wrap elementor-element-populated\">\n\t\t\t\t\t\t<div class=\"elementor-element elementor-element-36a38e24 elementor-widget elementor-widget-global elementor-global-1255 elementor-widget-theme-site-logo\" data-id=\"36a38e24\" data-element_type=\"widget\" data-widget_type=\"theme-site-logo.default\">\n\t\t\t\t<div class=\"elementor-widget-container\">\n\t\t\t\t\t\t\t\t\t\t\t<a href=\"https:\/\/www.schrankplaner.de\/exklusiv\/\">\n\t\t\t<img decoding=\"async\" width=\"61\" height=\"61\" src=\"https:\/\/www.schrankplaner.de\/exklusiv\/wp-content\/uploads\/2020\/02\/cropped-Logo-Schrankplaner-Exklusiv.png\" class=\"attachment-full size-full wp-image-1889\" alt=\"Logo\" \/>\t\t\t\t<\/a>\n\t\t\t\t\t\t\t\t\t\t\t<\/div>\n\t\t\t\t<\/div>\n\t\t\t\t\t<\/div>\n\t\t<\/div>\n\t\t\t\t<div class=\"elementor-column elementor-col-25 elementor-top-column elementor-element elementor-element-695eec78\" data-id=\"695eec78\" data-element_type=\"column\">\n\t\t\t<div class=\"elementor-widget-wrap elementor-element-populated\">\n\t\t\t\t\t\t<div class=\"elementor-element elementor-element-78a216bf elementor-hidden-tablet elementor-hidden-phone elementor-widget elementor-widget-global elementor-global-1258 elementor-widget-image\" data-id=\"78a216bf\" data-element_type=\"widget\" data-widget_type=\"image.default\">\n\t\t\t\t<div class=\"elementor-widget-container\">\n\t\t\t\t\t\t\t\t\t\t\t\t\t\t\t<img decoding=\"async\" width=\"178\" height=\"34\" src=\"https:\/\/www.schrankplaner.de\/exklusiv\/wp-content\/uploads\/2020\/02\/tel.png\" class=\"attachment-full size-full wp-image-959\" alt=\"tel\" \/>\t\t\t\t\t\t\t\t\t\t\t\t\t\t\t<\/div>\n\t\t\t\t<\/div>\n\t\t\t\t\t<\/div>\n\t\t<\/div>\n\t\t\t\t<div class=\"elementor-column elementor-col-25 elementor-top-column elementor-element elementor-element-5e59eff6\" data-id=\"5e59eff6\" data-element_type=\"column\">\n\t\t\t<div class=\"elementor-widget-wrap elementor-element-populated\">\n\t\t\t\t\t\t<div class=\"elementor-element elementor-element-32a4683d elementor-hidden-tablet elementor-hidden-phone elementor-widget elementor-widget-global elementor-global-1262 elementor-widget-image\" data-id=\"32a4683d\" data-element_type=\"widget\" data-widget_type=\"image.default\">\n\t\t\t\t<div class=\"elementor-widget-container\">\n\t\t\t\t\t\t\t\t\t\t\t\t\t\t\t\t<a href=\"https:\/\/www.schrankplaner.de\/aufmass-vor-ort-service\">\n\t\t\t\t\t\t\t<img decoding=\"async\" width=\"155\" height=\"34\" src=\"https:\/\/www.schrankplaner.de\/exklusiv\/wp-content\/uploads\/2020\/02\/Aufmass-1.png\" class=\"attachment-full size-full wp-image-958\" alt=\"Aufma\u00dfservice\" srcset=\"https:\/\/www.schrankplaner.de\/exklusiv\/wp-content\/uploads\/2020\/02\/Aufmass-1.png 155w, https:\/\/www.schrankplaner.de\/exklusiv\/wp-content\/uploads\/2020\/02\/Aufmass-1-150x34.png 150w\" sizes=\"(max-width: 155px) 100vw, 155px\" \/>\t\t\t\t\t\t\t\t<\/a>\n\t\t\t\t\t\t\t\t\t\t\t\t\t\t\t<\/div>\n\t\t\t\t<\/div>\n\t\t\t\t\t<\/div>\n\t\t<\/div>\n\t\t\t\t\t<\/div>\n\t\t<\/section>\n\t\t\t\t<section data-particle_enable=\"false\" data-particle-mobile-disabled=\"false\" class=\"elementor-section elementor-top-section elementor-element elementor-element-5f475f3b elementor-section-boxed elementor-section-height-default elementor-section-height-default\" data-id=\"5f475f3b\" data-element_type=\"section\" data-settings=\"{&quot;background_background&quot;:&quot;classic&quot;}\">\n\t\t\t\t\t\t<div class=\"elementor-container elementor-column-gap-no\">\n\t\t\t\t\t<div class=\"elementor-column elementor-col-100 elementor-top-column elementor-element elementor-element-1f9715ef\" data-id=\"1f9715ef\" data-element_type=\"column\">\n\t\t\t<div class=\"elementor-widget-wrap elementor-element-populated\">\n\t\t\t\t\t\t<div class=\"elementor-element elementor-element-7c08ccce elementor-nav-menu--dropdown-tablet elementor-nav-menu__text-align-aside elementor-nav-menu--toggle elementor-nav-menu--burger elementor-widget elementor-widget-global elementor-global-1265 elementor-widget-nav-menu\" data-id=\"7c08ccce\" data-element_type=\"widget\" data-settings=\"{&quot;submenu_icon&quot;:{&quot;value&quot;:&quot;fas e-plus-icon&quot;,&quot;library&quot;:&quot;&quot;},&quot;layout&quot;:&quot;horizontal&quot;,&quot;toggle&quot;:&quot;burger&quot;}\" data-widget_type=\"nav-menu.default\">\n\t\t\t\t<div class=\"elementor-widget-container\">\n\t\t\t\t\t\t\t\t<nav aria-label=\"Men\u00fc\" class=\"elementor-nav-menu--main elementor-nav-menu__container elementor-nav-menu--layout-horizontal e--pointer-none\">\n\t\t\t\t<ul id=\"menu-1-7c08ccce\" class=\"elementor-nav-menu\"><li class=\"menu-item menu-item-type-post_type menu-item-object-post menu-item-has-children menu-item-1790\"><a aria-expanded=\"false\" href=\"https:\/\/www.schrankplaner.de\/exklusiv\/themen\/\" class=\"elementor-item menu-link\">Themen<span role=\"application\" class=\"dropdown-menu-toggle ast-header-navigation-arrow\" tabindex=\"0\" aria-expanded=\"false\" aria-label=\"Men\u00fc umschalten\" ><span class=\"ast-icon icon-arrow\"><svg class=\"ast-arrow-svg\" xmlns=\"http:\/\/www.w3.org\/2000\/svg\" xmlns:xlink=\"http:\/\/www.w3.org\/1999\/xlink\" version=\"1.1\" x=\"0px\" y=\"0px\" width=\"26px\" height=\"16.043px\" viewBox=\"57 35.171 26 16.043\" enable-background=\"new 57 35.171 26 16.043\" xml:space=\"preserve\">\n                <path d=\"M57.5,38.193l12.5,12.5l12.5-12.5l-2.5-2.5l-10,10l-10-10L57.5,38.193z\"\/>\n                <\/svg><\/span><\/span><\/a>\n<ul class=\"sub-menu elementor-nav-menu--dropdown\">\n\t<li class=\"menu-item menu-item-type-post_type menu-item-object-post menu-item-1791\"><a href=\"https:\/\/www.schrankplaner.de\/exklusiv\/schrank-planen-aufbauen\/\" class=\"elementor-sub-item menu-link\"><span class=\"ast-icon icon-arrow\"><svg class=\"ast-arrow-svg\" xmlns=\"http:\/\/www.w3.org\/2000\/svg\" xmlns:xlink=\"http:\/\/www.w3.org\/1999\/xlink\" version=\"1.1\" x=\"0px\" y=\"0px\" width=\"26px\" height=\"16.043px\" viewBox=\"57 35.171 26 16.043\" enable-background=\"new 57 35.171 26 16.043\" xml:space=\"preserve\">\n                <path d=\"M57.5,38.193l12.5,12.5l12.5-12.5l-2.5-2.5l-10,10l-10-10L57.5,38.193z\"\/>\n                <\/svg><\/span>Schrank Planen &#038; Aufbauen<\/a><\/li>\n\t<li class=\"menu-item menu-item-type-post_type menu-item-object-post menu-item-1794\"><a href=\"https:\/\/www.schrankplaner.de\/exklusiv\/ordnung-im-schrank\/\" class=\"elementor-sub-item menu-link\"><span class=\"ast-icon icon-arrow\"><svg class=\"ast-arrow-svg\" xmlns=\"http:\/\/www.w3.org\/2000\/svg\" xmlns:xlink=\"http:\/\/www.w3.org\/1999\/xlink\" version=\"1.1\" x=\"0px\" y=\"0px\" width=\"26px\" height=\"16.043px\" viewBox=\"57 35.171 26 16.043\" enable-background=\"new 57 35.171 26 16.043\" xml:space=\"preserve\">\n                <path d=\"M57.5,38.193l12.5,12.5l12.5-12.5l-2.5-2.5l-10,10l-10-10L57.5,38.193z\"\/>\n                <\/svg><\/span>Ordnung im Schrank<\/a><\/li>\n\t<li class=\"menu-item menu-item-type-post_type menu-item-object-post menu-item-2817\"><a href=\"https:\/\/www.schrankplaner.de\/exklusiv\/aktuelle-schrank-trends\/\" class=\"elementor-sub-item menu-link\"><span class=\"ast-icon icon-arrow\"><svg class=\"ast-arrow-svg\" xmlns=\"http:\/\/www.w3.org\/2000\/svg\" xmlns:xlink=\"http:\/\/www.w3.org\/1999\/xlink\" version=\"1.1\" x=\"0px\" y=\"0px\" width=\"26px\" height=\"16.043px\" viewBox=\"57 35.171 26 16.043\" enable-background=\"new 57 35.171 26 16.043\" xml:space=\"preserve\">\n                <path d=\"M57.5,38.193l12.5,12.5l12.5-12.5l-2.5-2.5l-10,10l-10-10L57.5,38.193z\"\/>\n                <\/svg><\/span>Aktuelle Schrank Trends<\/a><\/li>\n\t<li class=\"menu-item menu-item-type-post_type menu-item-object-post menu-item-3006\"><a href=\"https:\/\/www.schrankplaner.de\/exklusiv\/einrichtungsideen\/\" class=\"elementor-sub-item menu-link\"><span class=\"ast-icon icon-arrow\"><svg class=\"ast-arrow-svg\" xmlns=\"http:\/\/www.w3.org\/2000\/svg\" xmlns:xlink=\"http:\/\/www.w3.org\/1999\/xlink\" version=\"1.1\" x=\"0px\" y=\"0px\" width=\"26px\" height=\"16.043px\" viewBox=\"57 35.171 26 16.043\" enable-background=\"new 57 35.171 26 16.043\" xml:space=\"preserve\">\n                <path d=\"M57.5,38.193l12.5,12.5l12.5-12.5l-2.5-2.5l-10,10l-10-10L57.5,38.193z\"\/>\n                <\/svg><\/span>Einrichtungsideen<\/a><\/li>\n<\/ul>\n<\/li>\n<li class=\"menu-item menu-item-type-custom menu-item-object-custom menu-item-929\"><a href=\"https:\/\/www.schrankplaner.de\" class=\"elementor-item menu-link\">Shop<\/a><\/li>\n<li class=\"menu-item menu-item-type-post_type menu-item-object-page menu-item-privacy-policy menu-item-3021\"><a rel=\"privacy-policy\" href=\"https:\/\/www.schrankplaner.de\/exklusiv\/datenschutzerklaerung\/\" class=\"elementor-item menu-link\">Datenschutz<\/a><\/li>\n<li class=\"menu-item menu-item-type-post_type menu-item-object-page menu-item-934\"><a href=\"https:\/\/www.schrankplaner.de\/exklusiv\/kontakt\/\" class=\"elementor-item menu-link\">Kontakt<\/a><\/li>\n<li class=\"menu-item menu-item-type-post_type menu-item-object-page menu-item-935\"><a href=\"https:\/\/www.schrankplaner.de\/exklusiv\/impressum\/\" class=\"elementor-item menu-link\">Impressum<\/a><\/li>\n<\/ul>\t\t\t<\/nav>\n\t\t\t\t\t<div class=\"elementor-menu-toggle\" role=\"button\" tabindex=\"0\" aria-label=\"Menu Toggle\" aria-expanded=\"false\">\n\t\t\t<i aria-hidden=\"true\" role=\"presentation\" class=\"elementor-menu-toggle__icon--open eicon-menu-bar\"><\/i><i aria-hidden=\"true\" role=\"presentation\" class=\"elementor-menu-toggle__icon--close eicon-close\"><\/i>\t\t<\/div>\n\t\t\t\t\t<nav class=\"elementor-nav-menu--dropdown elementor-nav-menu__container\" aria-hidden=\"true\">\n\t\t\t\t<ul id=\"menu-2-7c08ccce\" class=\"elementor-nav-menu\"><li class=\"menu-item menu-item-type-post_type menu-item-object-post menu-item-has-children menu-item-1790\"><a aria-expanded=\"false\" href=\"https:\/\/www.schrankplaner.de\/exklusiv\/themen\/\" class=\"elementor-item menu-link\" tabindex=\"-1\">Themen<span role=\"application\" class=\"dropdown-menu-toggle ast-header-navigation-arrow\" tabindex=\"0\" aria-expanded=\"false\" aria-label=\"Men\u00fc umschalten\" ><span class=\"ast-icon icon-arrow\"><svg class=\"ast-arrow-svg\" xmlns=\"http:\/\/www.w3.org\/2000\/svg\" xmlns:xlink=\"http:\/\/www.w3.org\/1999\/xlink\" version=\"1.1\" x=\"0px\" y=\"0px\" width=\"26px\" height=\"16.043px\" viewBox=\"57 35.171 26 16.043\" enable-background=\"new 57 35.171 26 16.043\" xml:space=\"preserve\">\n                <path d=\"M57.5,38.193l12.5,12.5l12.5-12.5l-2.5-2.5l-10,10l-10-10L57.5,38.193z\"\/>\n                <\/svg><\/span><\/span><\/a>\n<ul class=\"sub-menu elementor-nav-menu--dropdown\">\n\t<li class=\"menu-item menu-item-type-post_type menu-item-object-post menu-item-1791\"><a href=\"https:\/\/www.schrankplaner.de\/exklusiv\/schrank-planen-aufbauen\/\" class=\"elementor-sub-item menu-link\" tabindex=\"-1\"><span class=\"ast-icon icon-arrow\"><svg class=\"ast-arrow-svg\" xmlns=\"http:\/\/www.w3.org\/2000\/svg\" xmlns:xlink=\"http:\/\/www.w3.org\/1999\/xlink\" version=\"1.1\" x=\"0px\" y=\"0px\" width=\"26px\" height=\"16.043px\" viewBox=\"57 35.171 26 16.043\" enable-background=\"new 57 35.171 26 16.043\" xml:space=\"preserve\">\n                <path d=\"M57.5,38.193l12.5,12.5l12.5-12.5l-2.5-2.5l-10,10l-10-10L57.5,38.193z\"\/>\n                <\/svg><\/span>Schrank Planen &#038; Aufbauen<\/a><\/li>\n\t<li class=\"menu-item menu-item-type-post_type menu-item-object-post menu-item-1794\"><a href=\"https:\/\/www.schrankplaner.de\/exklusiv\/ordnung-im-schrank\/\" class=\"elementor-sub-item menu-link\" tabindex=\"-1\"><span class=\"ast-icon icon-arrow\"><svg class=\"ast-arrow-svg\" xmlns=\"http:\/\/www.w3.org\/2000\/svg\" xmlns:xlink=\"http:\/\/www.w3.org\/1999\/xlink\" version=\"1.1\" x=\"0px\" y=\"0px\" width=\"26px\" height=\"16.043px\" viewBox=\"57 35.171 26 16.043\" enable-background=\"new 57 35.171 26 16.043\" xml:space=\"preserve\">\n                <path d=\"M57.5,38.193l12.5,12.5l12.5-12.5l-2.5-2.5l-10,10l-10-10L57.5,38.193z\"\/>\n                <\/svg><\/span>Ordnung im Schrank<\/a><\/li>\n\t<li class=\"menu-item menu-item-type-post_type menu-item-object-post menu-item-2817\"><a href=\"https:\/\/www.schrankplaner.de\/exklusiv\/aktuelle-schrank-trends\/\" class=\"elementor-sub-item menu-link\" tabindex=\"-1\"><span class=\"ast-icon icon-arrow\"><svg class=\"ast-arrow-svg\" xmlns=\"http:\/\/www.w3.org\/2000\/svg\" xmlns:xlink=\"http:\/\/www.w3.org\/1999\/xlink\" version=\"1.1\" x=\"0px\" y=\"0px\" width=\"26px\" height=\"16.043px\" viewBox=\"57 35.171 26 16.043\" enable-background=\"new 57 35.171 26 16.043\" xml:space=\"preserve\">\n                <path d=\"M57.5,38.193l12.5,12.5l12.5-12.5l-2.5-2.5l-10,10l-10-10L57.5,38.193z\"\/>\n                <\/svg><\/span>Aktuelle Schrank Trends<\/a><\/li>\n\t<li class=\"menu-item menu-item-type-post_type menu-item-object-post menu-item-3006\"><a href=\"https:\/\/www.schrankplaner.de\/exklusiv\/einrichtungsideen\/\" class=\"elementor-sub-item menu-link\" tabindex=\"-1\"><span class=\"ast-icon icon-arrow\"><svg class=\"ast-arrow-svg\" xmlns=\"http:\/\/www.w3.org\/2000\/svg\" xmlns:xlink=\"http:\/\/www.w3.org\/1999\/xlink\" version=\"1.1\" x=\"0px\" y=\"0px\" width=\"26px\" height=\"16.043px\" viewBox=\"57 35.171 26 16.043\" enable-background=\"new 57 35.171 26 16.043\" xml:space=\"preserve\">\n                <path d=\"M57.5,38.193l12.5,12.5l12.5-12.5l-2.5-2.5l-10,10l-10-10L57.5,38.193z\"\/>\n                <\/svg><\/span>Einrichtungsideen<\/a><\/li>\n<\/ul>\n<\/li>\n<li class=\"menu-item menu-item-type-custom menu-item-object-custom menu-item-929\"><a href=\"https:\/\/www.schrankplaner.de\" class=\"elementor-item menu-link\" tabindex=\"-1\">Shop<\/a><\/li>\n<li class=\"menu-item menu-item-type-post_type menu-item-object-page menu-item-privacy-policy menu-item-3021\"><a rel=\"privacy-policy\" href=\"https:\/\/www.schrankplaner.de\/exklusiv\/datenschutzerklaerung\/\" class=\"elementor-item menu-link\" tabindex=\"-1\">Datenschutz<\/a><\/li>\n<li class=\"menu-item menu-item-type-post_type menu-item-object-page menu-item-934\"><a href=\"https:\/\/www.schrankplaner.de\/exklusiv\/kontakt\/\" class=\"elementor-item menu-link\" tabindex=\"-1\">Kontakt<\/a><\/li>\n<li class=\"menu-item menu-item-type-post_type menu-item-object-page menu-item-935\"><a href=\"https:\/\/www.schrankplaner.de\/exklusiv\/impressum\/\" class=\"elementor-item menu-link\" tabindex=\"-1\">Impressum<\/a><\/li>\n<\/ul>\t\t\t<\/nav>\n\t\t\t\t\t\t<\/div>\n\t\t\t\t<\/div>\n\t\t\t\t\t<\/div>\n\t\t<\/div>\n\t\t\t\t\t<\/div>\n\t\t<\/section>\n\t\t\t\t<section data-particle_enable=\"false\" data-particle-mobile-disabled=\"false\" class=\"elementor-section elementor-top-section elementor-element elementor-element-32b0f4c elementor-section-boxed elementor-section-height-default elementor-section-height-default\" data-id=\"32b0f4c\" data-element_type=\"section\">\n\t\t\t\t\t\t<div class=\"elementor-container elementor-column-gap-default\">\n\t\t\t\t\t<div class=\"elementor-column elementor-col-100 elementor-top-column elementor-element elementor-element-ed1e3aa\" data-id=\"ed1e3aa\" data-element_type=\"column\">\n\t\t\t<div class=\"elementor-widget-wrap elementor-element-populated\">\n\t\t\t\t\t\t<div class=\"elementor-element elementor-element-25ef4a0 elementor-widget elementor-widget-text-editor\" data-id=\"25ef4a0\" data-element_type=\"widget\" data-widget_type=\"text-editor.default\">\n\t\t\t\t<div class=\"elementor-widget-container\">\n\t\t\t\t\t\t\t\t\t<h1>Datenschutzerkl\u00e4rung<\/h1><h3>Datenschutz<\/h3><p>Wir freuen uns \u00fcber Ihr Interesse an unserem Online-Shop. Der Schutz Ihrer Privatsph\u00e4re ist f\u00fcr uns sehr wichtig. Nachstehend informieren wir Sie ausf\u00fchrlich \u00fcber den Umgang mit Ihren Daten.<\/p><p>Bei Anbahnung, Abschluss, Abwicklung und R\u00fcckabwicklung eines Kaufvertrages werden von uns Daten im Rahmen der gesetzlichen Bestimmungen erhoben, gespeichert und verar\u00adbeitet. Beim Besuch unseres Internetangebots werden die aktuell von Ihrem PC verwendete IP-Adresse, Datum und Uhrzeit, der Browsertyp und das Betriebssystem Ihres PC sowie die von Ihnen betrachteten Seiten protokolliert. R\u00fcckschl\u00fcsse auf personenbezogene Daten sind uns damit jedoch nicht m\u00f6glich und auch nicht beabsichtigt.<\/p><p>Die personenbezogenen Daten, die Sie uns z. B. bei einer Bestellung oder per E-Mail mitteilen (z. B. Ihr Name und Ihre Kontaktdaten), werden nur zur Korrespondenz mit Ihnen und nur f\u00fcr den Zweck verarbeitet, zu dem Sie uns die Daten zur Verf\u00fcgung gestellt haben. Wir geben Ihre Daten nur an das mit der Lieferung beauftragte Versandunternehmen weiter, soweit dies zur Lieferung der Waren notwendig ist. Zur Abwicklung von Zahlungen geben wir Ihre Zahlungsdaten an das mit der Zahlung beauftragte Kreditinstitut weiter.<\/p><p>Wir versichern, dass wir Ihre personenbezogenen Daten im \u00dcbrigen nicht an Dritte weitergeben, es sei denn, dass wir dazu gesetzlich verpflichtet w\u00e4ren oder Sie vorher ausdr\u00fccklich eingewilligt haben. Soweit wir zur Durchf\u00fchrung und Abwicklung von Verarbeitungsprozessen Dienstleistungen Dritter in Anspruch nehmen, werden die Bestimmungen des Bundes\u00addatenschutzgesetzes eingehalten. Wir weisen darauf hin, dass die Daten\u00fcbertragung im Internet (z.B. bei der Kommunikation per E-Mail) Sicherheitsl\u00fccken aufweisen kann. Ein l\u00fcckenloser Schutz der Daten vor dem Zugriff durch Dritte ist nicht m\u00f6glich. Diese Seite nutzt aus Gr\u00fcnden der Sicherheit und zum Schutz der \u00dcbertragung vertraulicher Inhalte, wie zum Beispiel der Anfragen, die Sie an uns als Seitenbetreiber senden, eine SSL-Verschl\u00fcsselung.<\/p><p><strong>Dauer der Speicherung<\/strong><\/p><p>Personenbezogene Daten, die uns \u00fcber unsere Website mitgeteilt worden sind, werden nur so lange gespeichert, bis der Zweck erf\u00fcllt ist, zu dem sie uns anvertraut wurden. Soweit handels- und steuerrechtliche Aufbewahrungsfristen zu beachten sind, kann die Dauer der Speicherung bestimmter Daten bis zu 10 Jahre betragen.<\/p><p><strong>Ihre Rechte<\/strong><\/p><p>Sollten Sie mit der Speicherung Ihrer personenbezogenen Daten nicht mehr einverstanden oder diese unrichtig geworden sein, werden wir auf \u00a0eine entsprechende Weisung hin im Rahmen der gesetzlichen Bestimmungen die L\u00f6schung, Korrektur oder Sperrung Ihrer Daten veranlassen. Auf Wunsch erhalten Sie unentgeltlich Auskunft \u00fcber alle personenbezogenen Daten, die wir \u00fcber Sie gespeichert haben. Bei Fragen zur Erhebung, Verarbeitung oder Nutzung Ihrer personenbezogenen Daten, f\u00fcr Ausk\u00fcnfte, Berichtigung, Sperrung oder L\u00f6schung von Daten wenden Sie sich bitte an:<\/p><p><strong>Schumacher GmbH &amp; Co. KG<\/strong><br \/>Hauptstr. 35<br \/>D-53518 Leimbach<br \/>Tel +49 2691 932860<br \/>info(-at-)schrankplaner.de<\/p><p>Aus Gr\u00fcnden der Spamfilterung haben wir das @-Zeichen in der E-Mail Adresse ausgeschrieben. Setzen Sie bitte f\u00fcr (-at-) das @-Zeichen ein.<\/p><h3><strong>1. Zugriffsdaten und Hosting<\/strong><\/h3><p>Sie k\u00f6nnen unsere Webseiten besuchen, ohne Angaben zu Ihrer Person zu machen. Bei jedem Aufruf einer Webseite speichert der Webserver lediglich automatisch ein sogenanntes Server-Logfile, das z.B. den Namen der angeforderten Datei, Ihre IP-Adresse, Datum und Uhrzeit des Abrufs, \u00fcbertragene Datenmenge und den anfragenden Provider (Zugriffsdaten) enth\u00e4lt und den Abruf dokumentiert.<\/p><p>Diese Zugriffsdaten werden ausschlie\u00dflich zum Zwecke der Sicherstellung eines st\u00f6rungsfreien Betriebs der Seite sowie der Verbesserung unseres Angebots ausgewertet. Dies dient der Wahrung unserer im Rahmen einer Interessensabw\u00e4gung \u00fcberwiegenden berechtigten Interessen an einer korrekten Darstellung unseres Angebots.<\/p><p><strong>Hostingdienstleistungen durch einen Drittanbieter<\/strong><br \/>Im Rahmen einer Verarbeitung in unserem Auftrag erbringt ein Drittanbieter f\u00fcr uns die Dienste zum Hosting und zur Darstellung der Webseite. Dies dient der Wahrung unserer im Rahmen einer Interessensabw\u00e4gung \u00fcberwiegenden berechtigten Interessen an einer korrekten Darstellung unseres Angebots. Alle Daten, die im Rahmen der Nutzung dieser Webseite oder in daf\u00fcr vorgesehenen Formularen im Onlineshop wie folgend beschrieben erhoben werden, werden auf seinen Servern verarbeitet. Eine Verarbeitung auf anderen Servern findet nur in dem hier erl\u00e4uterten Rahmen statt.<\/p><p>Dieser Dienstleister sitzt innerhalb eines Landes der Europ\u00e4ischen Union oder des Europ\u00e4ischen Wirtschaftsraums.<\/p><h3><strong>2. Datenerhebung und -verwendung zur Vertragsabwicklung und bei Er\u00f6ffnung eines Kundenkontos<\/strong><\/h3><p>Wir erheben personenbezogene Daten, wenn Sie uns diese im Rahmen Ihrer Bestellung, bei einer Kontaktaufnahme mit uns (z.B. per Kontaktformular oder E-Mail) oder bei Er\u00f6ffnung eines Kundenkontos freiwillig mitteilen. Pflichtfelder werden als solche gekennzeichnet, da wir in diesen F\u00e4llen die Daten zwingend zur Vertragsabwicklung, bzw. zur Bearbeitung Ihrer Kontaktaufnahme oder Er\u00f6ffnung des Kundenkontos ben\u00f6tigen und Sie ohne deren Angabe die Bestellung und\/ oder die Kontoer\u00f6ffnung nicht abschlie\u00dfen, bzw. die Kontaktaufnahme nicht versenden k\u00f6nnen. Welche Daten erhoben werden, ist aus den jeweiligen Eingabeformularen ersichtlich. Wir verwenden die von ihnen mitgeteilten Daten zur Vertragsabwicklung und Bearbeitung Ihrer Anfragen. Nach vollst\u00e4ndiger Abwicklung des Vertrages oder L\u00f6schung Ihres Kundenkontos werden Ihre Daten f\u00fcr die weitere Verarbeitung eingeschr\u00e4nkt und nach Ablauf der steuer- und handelsrechtlichen Aufbewahrungsfristen gel\u00f6scht, sofern Sie nicht ausdr\u00fccklich in eine weitere Nutzung Ihrer Daten eingewilligt haben oder wir uns eine dar\u00fcber hinausgehende Datenverwendung vorbehalten, die gesetzlich erlaubt ist und \u00fcber die wir Sie in dieser Erkl\u00e4rung informieren. Die L\u00f6schung Ihres Kundenkontos ist jederzeit m\u00f6glich und kann entweder durch eine Nachricht an die im Impressum beschriebene Kontaktm\u00f6glichkeit oder \u00fcber eine daf\u00fcr vorgesehene Funktion im Kundenkonto erfolgen.<\/p><p><strong>Kontaktformular<\/strong><br \/>Wenn Sie uns per Kontaktformular Anfragen zukommen lassen, werden Ihre Angaben aus dem Anfrageformular inklusive der von Ihnen dort angegebenen Kontaktdaten zwecks Bearbeitung der Anfrage und f\u00fcr den Fall von Anschlussfragen bei uns gespeichert. Diese Daten geben wir nicht ohne Ihre Einwilligung weiter.<\/p><h3><strong>3. Datenweitergabe<\/strong><\/h3><p>Zur Vertragserf\u00fcllung geben wir Ihre Daten an das mit der Lieferung beauftragte Versandunternehmen weiter, soweit dies zur Lieferung bestellter Waren erforderlich ist. Je nach dem, welchen Zahlungsdienstleister Sie im Bestellprozess ausw\u00e4hlen, geben wir zur Abwicklung von Zahlungen die hierf\u00fcr erhobenen Zahlungsdaten an das mit der Zahlung beauftragte Kreditinstitut und ggf. von uns beauftragte Zahlungsdienstleister weiter bzw. an den ausgew\u00e4hlten Zahlungsdienst. Zum Teil erheben die ausgew\u00e4hlten Zahlungsdienstleister diese Daten auch selbst, soweit Sie dort ein Konto anlegen. In diesem Fall m\u00fcssen Sie sich im Bestellprozess mit Ihren Zugangsdaten bei dem Zahlungsdienstleister anmelden. Es gilt insoweit die Datenschutzerkl\u00e4rung des jeweiligen Zahlungsdienstleisters.<\/p><p><strong>Datenweitergabe an Versanddienstleister<\/strong><br \/>Sofern Sie uns hierzu w\u00e4hrend oder nach Ihrer Bestellung Ihre ausdr\u00fcckliche Einwilligung erteilt haben, geben wir aufgrund dieser Ihre E-Mail-Adresse und Telefonnummer an den ausgew\u00e4hlten Versanddienstleister weiter, damit dieser vor Zustellung zum Zwecke der Lieferungsank\u00fcndigung bzw. -abstimmung Kontakt mit Ihnen aufnehmen kann.<\/p><p>Die Einwilligung kann jederzeit durch eine Nachricht an die im Impressum beschriebene Kontaktm\u00f6glichkeit oder direkt gegen\u00fcber dem Versanddienstleister unter der im Folgenden aufgef\u00fchrten Kontaktadresse widerrufen werden. Nach Widerruf l\u00f6schen wir Ihre hierf\u00fcr angegebenen Daten, soweit Sie nicht ausdr\u00fccklich in eine weitere Nutzung Ihrer Daten eingewilligt haben oder wir uns eine dar\u00fcber hinausgehende Datenverwendung vorbehalten, die gesetzlich erlaubt ist und \u00fcber die wir Sie in dieser Erkl\u00e4rung informieren.<\/p><p>Speditionspartner, die wir mit der Lieferung Ihrer Bestellung beauftragen:<\/p><p>Howelpa Logistik GmbH, Halberst\u00e4dter Stra\u00dfe 30, 33106 Paderborn<\/p><p>Deutsche Post AG, NL Brief K\u00f6ln West, Am Eifeltor 12, 50997 K\u00f6ln<\/p><p>DHL Paket GmbH, Str\u00e4\u00dfchensweg 10, 53113 Bonn<\/p><h3><strong>4. E-Mail-Newsletter und Postwerbung<\/strong><\/h3><p><strong>E-Mail-Werbung mit Anmeldung zum Newsletter<\/strong><br \/>Wenn Sie sich zu unserem Newsletter anmelden, verwenden wir die hierf\u00fcr erforderlichen oder gesondert von Ihnen mitgeteilten Daten, um Ihnen regelm\u00e4\u00dfig unseren E-Mail-Newsletter aufgrund Ihrer Einwilligung zuzusenden.<\/p><p>Die Abmeldung vom Newsletter ist jederzeit m\u00f6glich und kann entweder durch eine Nachricht an die im Impressum beschriebene Kontaktm\u00f6glichkeit oder \u00fcber einen daf\u00fcr vorgesehenen Link im Newsletter erfolgen. Nach Abmeldung l\u00f6schen wir Ihre E-Mail-Adresse, soweit Sie nicht ausdr\u00fccklich in eine weitere Nutzung Ihrer Daten eingewilligt haben oder wir uns eine dar\u00fcber hinausgehende Datenverwendung vorbehalten, die gesetzlich erlaubt ist und \u00fcber die wir Sie in dieser Erkl\u00e4rung informieren.<\/p><p><strong>Postwerbung und Ihr Widerspruchsrecht<\/strong><br \/>Dar\u00fcber hinaus behalten wir uns vor, Ihren Vor- und Nachnamen sowie Ihre Postanschrift f\u00fcr eigene Werbezwecke zu nutzen, z.B. zur Zusendung von interessanten Angeboten und Informationen zu unseren Produkten per Briefpost. Dies dient der Wahrung unserer im Rahmen einer Interessensabw\u00e4gung \u00fcberwiegenden berechtigten Interessen an einer werblichen Ansprache unserer Kunden.<\/p><h3><strong>5. Server-Log-Files<\/strong><\/h3><p>Der Provider der Seiten erhebt und speichert automatisch Informationen in so genannten Server-Log Files, die Ihr Browser automatisch an uns \u00fcbermittelt. Dies sind:<\/p><ul><li>Browsertyp und Browserversion<\/li><li>verwendetes Betriebssystem<\/li><li>Referrer URL<\/li><li>Hostname des zugreifenden Rechners<\/li><li>Uhrzeit der Serveranfrage<\/li><\/ul><p>Diese Daten sind nicht bestimmten Personen zuordbar. Eine Zusammenf\u00fchrung dieser Daten mit anderen Datenquellen wird nicht vorgenommen. Wir behalten uns vor, diese Daten nachtr\u00e4glich zu pr\u00fcfen, wenn uns konkrete Anhaltspunkte f\u00fcr eine rechtswidrige Nutzung bekannt werden.<\/p><h3><strong>6. SSL-Verschl\u00fcsselung<\/strong><\/h3><p>Diese Seite nutzt aus Gr\u00fcnden der Sicherheit und zum Schutz der \u00dcbertragung vertraulicher Inhalte, wie zum Beispiel der Anfragen, die Sie an uns als Seitenbetreiber senden, eine SSL-Verschl\u00fcsselung. Eine verschl\u00fcsselte Verbindung erkennen Sie daran, dass die Adresszeile des Browsers von &#8222;http:\/\/&#8220; auf &#8222;https:\/\/&#8220; wechselt und an dem Schloss-Symbol in Ihrer Browserzeile.<\/p><p>Wenn die SSL Verschl\u00fcsselung aktiviert ist, k\u00f6nnen die Daten, die Sie an uns \u00fcbermitteln, nicht von Dritten mitgelesen werden.<\/p><h3><strong>7. Cookies und Webanalyse<\/strong><\/h3><p>Um den Besuch unserer Website attraktiv zu gestalten und die Nutzung bestimmter Funktionen zu erm\u00f6glichen, um passende Produkte anzuzeigen oder zur Marktforschung verwenden wir auf verschiedenen Seiten sogenannte Cookies. Dies dient der Wahrung unserer im Rahmen einer Interessensabw\u00e4gung \u00fcberwiegenden berechtigten Interessen an einer optimierten Darstellung unseres Angebots. Cookies sind kleine Textdateien, die automatisch auf Ihrem Endger\u00e4t gespeichert werden. Einige der von uns verwendeten Cookies werden nach Ende der Browser-Sitzung, also nach Schlie\u00dfen Ihres Browsers, wieder gel\u00f6scht (sog. Sitzungs-Cookies). Andere Cookies verbleiben auf Ihrem Endger\u00e4t und erm\u00f6glichen uns, Ihren Browser beim n\u00e4chsten Besuch wiederzuerkennen (persistente Cookies). Die Dauer der Speicherung k\u00f6nnen Sie der \u00dcbersicht in den Cookie-Einstellungen Ihres Webbrowsers entnehmen. Sie k\u00f6nnen Ihren Browser so einstellen, dass Sie \u00fcber das Setzen von Cookies informiert werden und einzeln \u00fcber deren Annahme entscheiden oder die Annahme von Cookies f\u00fcr bestimmte F\u00e4lle oder generell ausschlie\u00dfen. Jeder Browser unterscheidet sich in der Art, wie er die Cookie-Einstellungen verwaltet. Diese ist in dem Hilfemen\u00fc jedes Browsers beschrieben, welches Ihnen erl\u00e4utert, wie Sie Ihre Cookie-Einstellungen \u00e4ndern k\u00f6nnen. Diese finden Sie f\u00fcr die jeweiligen Browser unter den folgenden Links:<br \/>Internet Explorer\u2122: http:\/\/windows.microsoft.com\/de-DE\/windows-vista\/Block-or-allow-cookies<br \/>Safari\u2122: https:\/\/support.apple.com\/kb\/ph21411?locale=de_DE<br \/>Chrome\u2122: http:\/\/support.google.com\/chrome\/bin\/answer.py?hl=de&amp;hlrm=en&amp;answer=95647<br \/>Firefox\u2122 https:\/\/support.mozilla.org\/de\/kb\/cookies-erlauben-und-ablehnen<br \/>Opera\u2122 : http:\/\/help.opera.com\/Windows\/10.20\/de\/cookies.html<\/p><p>Bei der Nichtannahme von Cookies kann die Funktionalit\u00e4t unserer Website eingeschr\u00e4nkt sein.<\/p><p><strong>Einsatz von Google (Universal) Analytics zur Webanalyse<\/strong><br \/>Zur Webseitenanalyse setzt diese Website Google (Universal) Analytics ein, einen Webanalysedienst der Google LLC (www.google.de). Dies dient der Wahrung unserer im Rahmen einer Interessensabw\u00e4gung \u00fcberwiegenden berechtigten Interessen an einer optimierten Darstellung unseres Angebots. Google (Universal) Analytics verwendet Methoden, die eine Analyse der Benutzung der Website durch Sie erm\u00f6glichen, wie zum Beispiel Cookies. Die automatisch erhobenen Informationen \u00fcber Ihre Benutzung dieser Website werden in der Regel an einen Server von Google in den USA \u00fcbertragen und dort gespeichert. Durch die Aktivierung der IP-Anonymisierung auf dieser Webseite wird dabei die IP-Adresse vor der \u00dcbermittlung innerhalb der Mitgliedstaaten der Europ\u00e4ischen Union oder in anderen Vertragsstaaten des Abkommens \u00fcber den Europ\u00e4ischen Wirtschaftsraum gek\u00fcrzt. Nur in Ausnahmef\u00e4llen wird die volle IP-Adresse an einen Server von Google in den USA \u00fcbertragen und dort gek\u00fcrzt. Die im Rahmen von Google Analytics von Ihrem Browser \u00fcbermittelte anonymisierte IP-Adresse wird grunds\u00e4tzlich nicht mit anderen Daten von Google zusammengef\u00fchrt.<\/p><p>Die Google LLC hat ihren Hauptsitz in den USA und ist zertifiziert unter dem EU-US-Privacy Shield. Ein aktuelles Zertifikat kann <a href=\"https:\/\/www.privacyshield.gov\/list\" target=\"_blank\" rel=\"noopener\">hier<\/a> eingesehen werden. Aufgrund dieses Abkommens zwischen den USA und der Europ\u00e4ischen Kommission hat letztere f\u00fcr unter dem Privacy Shield zertifizierte Unternehmen ein angemessenes Datenschutzniveau festgestellt.<\/p><p>Sie k\u00f6nnen die Erfassung der durch das Cookie erzeugten und auf Ihre Nutzung der Website bezogenen Daten (inkl. Ihrer IP-Adresse) an Google sowie die Verarbeitung dieser Daten durch Google verhindern, indem sie das unter dem folgenden Link verf\u00fcgbare Browser-Plugin herunterladen und installieren: <a href=\"http:\/\/tools.google.com\/dlpage\/gaoptout?hl=de\" target=\"_blank\" rel=\"noopener\">http:\/\/tools.google.com\/dlpage\/gaoptout?hl=de<\/a><\/p><p>Alternativ zum Browser-Plugin k\u00f6nnen Sie <a href=\"https:\/\/www.schrankplaner.de\/interne-zugriffe.php\" rel=\"nofollow\">diesen Link<\/a> klicken, um die Erfassung durch Google Analytics auf dieser Website zuk\u00fcnftig zu verhindern. Dabei wird ein Opt-Out-Cookie auf Ihrem Endger\u00e4t abgelegt. L\u00f6schen Sie Ihre Cookies, m\u00fcssen Sie den Link erneut klicken.<\/p><h3><strong>8. Social Media Kan\u00e4le<br \/><\/strong><\/h3><p><strong>Facebook<\/strong><br \/>Den Aufruf von Facebook, Facebook Inc., 1601 S. California Ave, Palo Alto, CA 94304, USA, erkennen Sie an dem Facebook-Logo (ein wei\u00dfes \u201ef\u201c auf blauem Grund und\/oder dem \u201eDaumen-hoch\u201c-Zeichen). Wenn Sie unseren Facebook anklicken, wird eine Verbindung zu den Facebook-Servern hergestellt. Wir haben keinen Einfluss auf den Umfang der Daten, die Facebook dann erhebt. Derzeit ist jedoch davon auszugehen, dass Facebook die Information erh\u00e4lt, dass Sie die entsprechende Seite unserer Webseite aufgerufen haben. Sind Sie als Mitglied bei Facebook eingeloggt, ordnet Facebook diese Information Ihrem pers\u00f6nlichen Facebook-Benutzerkonto zu. Bei der Nutzung der Funktion (z. B. Anklicken des \u201eLike-Buttons\u201c) werden auch diese Informationen Ihrem Facebook-Konto zugeordnet, was Sie nur durch Ausloggen vor Nutzung unserer Website verhindern k\u00f6nnen. Die aktive Nutzung von Facebook Plugins unterliegt den Datenschutzbedingungen und Nutzungsbedingungen der Facebook Inc. Informationen zur Erhebung, Speicherung und Nutzung Ihrer Daten durch die Facebook Inc. finden Sie in den Facebook Datenschutzrichtlinien (<a title=\"facebook policy\" href=\"http:\/\/de-de.facebook.com\/policy.php\" target=\"_blank\" rel=\"noopener\">http:\/\/de-de.facebook.com\/policy.php<\/a>) und dem Leitfaden zur Privatsph\u00e4re.<\/p><p><strong>Twitter<\/strong><br \/>Den Aufruf von Twitter, Twitter Inc. 795 Folsom St., Suite 600, San Francisco, CA 94107, USA erkennen Sie an dem Twitter-Logo (ein wei\u00dfes \u201et\u201c auf blauem Grund oder ein blaues \u201eV\u00f6gelchen\u201c, beides ggfs. verbunden mit dem Zusatz \u201eTweet\u201c). Wenn Sie diesen Button anklicken, wird eine Verbindung mit www.twitter.com. Sofern Sie sich gleichzeitig bei Twitter eingeloggt haben, wird auf Ihrem Twitter-Account in einem sog. Tweet auf unsere Webseite verwiesen. Auch hier werden die entsprechenden Informationen direkt von dem Plugin an Twitter in den USA \u00fcbermittelt und allen Dritten sichtbar gemacht, die Ihre Tweets lesen k\u00f6nnen. Wenn Sie mehr \u00fcber den Zweck und den Umgang mit Ihren Daten und deren weitere Verwendung durch Twitter erfahren m\u00f6chten, besuchen Sie bitte <a title=\"twitter privacy\" href=\"http:\/\/twitter.com\/privacy\" target=\"_blank\" rel=\"noopener\">http:\/\/twitter.com\/privacy<\/a>. Weitere Einzelheiten \u00fcber den Tweet-Button erhalten Sie auch unter <a title=\"twitter tweetbutton\" href=\"http:\/\/twitter.com\/about\/resources\/tweetbutton\" target=\"_blank\" rel=\"noopener\">http:\/\/twitter.com\/about\/resources\/tweetbutton<\/a> (Quellen) und <a title=\"twitter tweetbutton fragen und antworten\" href=\"http:\/\/dev.twitter.com\/pages\/tweet_button_faq\" target=\"_blank\" rel=\"noopener\">http:\/\/dev.twitter.com\/pages\/tweet_button_faq<\/a> (Tweet Button FAQ).<\/p><p><strong>Instagram<\/strong><br \/>Diese Website verlinkt am Ende jeder Seite zu unserer Instagram Seite. Es werden vorher keine automatischen Daten erhoben. Mit einem Klick auf diesen Link verlassen Sie diese Webpr\u00e4senz und stellen eine direkte Verbindung zwischen Ihrem Browser und den Instagram-Servern her. Wenn Sie nicht m\u00f6chten, dass Instagram die \u00fcber unseren Webauftritt gesammelten Daten nach Ihrem Klicken auf den Button, Ihrem Instagram-Account zuordnet, m\u00fcssen Sie sich vor Ihrem Besuch unserer Website bei Instagram ausloggen. Sie k\u00f6nnen das Laden der Instagram Plugins auch mit Add-Ons f\u00fcr Ihren Browser komplett verhindern, z. B. mit dem Skript-Blocker \u201eNoScript\u201c (<a title=\"Skript-Blocker noscript\" href=\"http:\/\/noscript.net\/\" target=\"_blank\" rel=\"noopener\">http:\/\/noscript.net\/<\/a>).<\/p><p><strong>Pinterest<\/strong><br \/>Den Aufruf von Pinterest, Pinterest Inc., 635 High Street, Palo Alto, CA, 94301, USA, erkennen Sie an dem \u201ePin it-Logo\u201c. Wenn Sie den Pinterest &#8222;Pin it-Button&#8220; anklicken, wird eine Verbindung mit dem Pinterest-Server hergestellt . Es besteht die M\u00f6glichkeit, dass Ihre IP-Adresse auf diesem Wege an Pinterest in den USA \u00fcbermittelt wird. Zweck und Umfang der Datenerhebung und die weitere Verarbeitung und Nutzung der Daten durch Pinterest sowie Ihre diesbez\u00fcglichen Rechte und Einstellungsm\u00f6glichkeiten zum Schutz Ihrer Privatsph\u00e4re, entnehmen Sie bitte den Datenschutzhinweisen von Pinterest (<a title=\"pinterest privacy policy\" href=\"https:\/\/about.pinterest.com\/de\/privacy-policy\" target=\"_blank\" rel=\"noopener\">https:\/\/about.pinterest.com\/de\/privacy-policy<\/a>).<\/p><p>Wenn Sie mit Ihrem Pinterest-Account eingeloggt sind, k\u00f6nnen Sie die Inhalte unserer Webseite auf Ihrem Pinterest-Profil verlinken. Dadurch kann Pinterest den Besuch unserer Seiten Ihrem Benutzerkonto zuordnen. Wir weisen darauf hin, dass wir als Anbieter der Seiten keine Kenntnis vom Inhalt der \u00fcbermittelten Daten sowie deren Nutzung durch Pinterest erhalten. Weitere Informationen zum Thema Datenschutz von Pinterest finden Sie hier: <a title=\"pinterest privacy\" href=\"http:\/\/about.pinterest.com\/privacy\/\" target=\"_blank\" rel=\"noopener\">http:\/\/about.pinterest.com\/privacy\/<\/a><\/p><h3><strong>9. Werbung \u00fcber Marketing-Netzwerke<\/strong><\/h3><p><strong>Google AdWords Remarketing<\/strong><br \/>\u00dcber Google Adwords werben wir f\u00fcr diese Website in den Google Suchergebnissen sowie auf den Websites Dritter. Dazu wird bei Besuch unserer Website das sog. Remarketing Cookie von Google gesetzt, das automatisch mittels einer pseudonymen CookieID und auf Grundlage der von Ihnen besuchten Seiten eine interessenbasierte Werbung erm\u00f6glicht. Dies dient der Wahrung unserer im Rahmen einer Interessensabw\u00e4gung \u00fcberwiegenden berechtigten Interessen an einer optimalen Vermarktung unserer Webseite.<\/p><p>Eine dar\u00fcber hinausgehende Datenverarbeitung findet nur statt, sofern Sie gegen\u00fcber Google zugestimmt haben, dass Ihr Web- und App-Browserverlauf von Google mit ihrem Google-Konto verkn\u00fcpft wird und Informationen aus ihrem Google-Konto zum Personalisieren von Anzeigen verwendet werden, die sie im Web sehen. Sind sie in diesem Fall w\u00e4hrend des Seitenbesuchs unserer Webseite bei Google eingeloggt, verwendet Google Ihre Daten zusammen mit Google Analytics-Daten, um Zielgruppenlisten f\u00fcr ger\u00e4te\u00fcbergreifendes Remarketing zu erstellen und zu definieren. Dazu werden Ihre personenbezogenen Daten von Google vor\u00fcbergehend mit Google Analytics-Daten verkn\u00fcpft, um Zielgruppen zu bilden.<\/p><p>Google AdWords Remarketing ist ein Angebot der Google LLC (www.google.de). Die Google LLC hat ihren Hauptsitz in den USA und ist zertifiziert unter dem EU-US-Privacy Shield. Ein aktuelles Zertifikat kann <a href=\"https:\/\/www.privacyshield.gov\/list\" target=\"_blank\" rel=\"noopener\">hier<\/a> eingesehen werden. Aufgrund dieses Abkommens zwischen den USA und der Europ\u00e4ischen Kommission hat letztere f\u00fcr unter dem Privacy Shield zertifizierte Unternehmen ein angemessenes Datenschutzniveau festgestellt.<\/p><p>Sie k\u00f6nnen das Remarketing-Cookie \u00fcber <a href=\"http:\/\/www.google.com\/settings\/ads\/anonymous?hl=de&amp;sig=ACi0TCgl4UGsZh61Q3WxLmZrwxpLhi5Brsz7n4oppCNx_HUc_H_jSUofKIBlIzSQqHsOOw9rIWpi-60gYxrsLKPSD2V09YE1Q2b3WEVPY6wxNgvNS-cammA\" target=\"_blank\" rel=\"noopener\">diesen Link<\/a> deaktivieren. Daneben k\u00f6nnen Sie sich bei der <a href=\"http:\/\/www.aboutads.info\/\" target=\"_blank\" rel=\"noopener\">Digital Advertising Alliance<\/a> \u00fcber das Setzen von Cookies informieren und Einstellungen hierzu vornehmen.<\/p><p><strong>Facebook Remarketing \u2013 Facebook Pixel<\/strong><br \/>Wir nutzen auf unserer Internetseite das Facebook Remarketing und setzen innerhalb unseres Internetauftritts den \u201cFacebook-Pixel\u201d der, Facebook Inc., 1601 S. California Ave, Palo Alto, CA 94304, USA (\u201cFacebook\u201d) ein. So kann das Verhalten von Nutzern nachverfolgt werden, nachdem diese eine Facebook-Werbeanzeige gesehen oder angeklickt haben. Dieses Verfahren dient dazu, die Wirksamkeit der Facebook-Werbeanzeigen f\u00fcr statistische und Marktforschungszwecke auszuwerten und kann dazu beitragen, zuk\u00fcnftige Werbema\u00dfnahmen zu optimieren. Die erhobenen Daten sind f\u00fcr uns anonym, bieten uns also keine R\u00fcckschl\u00fcsse auf die Identit\u00e4t der Nutzer. Allerdings werden die Daten von Facebook gespeichert und verarbeitet, sodass eine Verbindung zum jeweiligen Nutzerprofil m\u00f6glich ist und Facebook die Daten f\u00fcr eigene Werbezwecke, entsprechend der Facebook Datenverwendungsrichtlinie (<a title=\"facebook about privacy\" href=\"https:\/\/www.facebook.com\/about\/privacy\/\" target=\"_blank\" rel=\"noopener\">https:\/\/www.facebook.com\/about\/privacy\/<\/a>) verwenden kann. Sie k\u00f6nnen Facebook sowie dessen Partnern das Schalten von Werbeanzeigen auf und au\u00dferhalb von Facebook erm\u00f6glichen. Es kann ferner zu diesen Zwecken ein Cookie auf Ihrem Rechner gespeichert werden. Eine Einwilligung in den Einsatz des Facebook-Pixels darf nur von Nutzern, die \u00e4lter als 13 Jahre alt sind, erkl\u00e4rt werden. Falls Sie j\u00fcnger sind, bitten wir Sie, Ihre Erziehungsberechtigten um Erlaubnis zu fragen. Um der Verwendung von Cookies auf Ihrem Computer generell zu widersprechen, k\u00f6nnen Sie Ihren Internetbrowser so einstellen, dass zuk\u00fcnftig keine Cookies mehr auf Ihrem Computer abgelegt werden k\u00f6nnen bzw. bereits abgelegte Cookies gel\u00f6scht werden. Das Abschalten s\u00e4mtlicher Cookies kann jedoch dazu f\u00fchren, dass einige Funktionen auf unseren Internetseiten nicht mehr ausgef\u00fchrt werden k\u00f6nnen. Sie k\u00f6nnen der Verwendung von Cookies durch Drittanbieter wie z.B. Facebook auch auf folgender Webseite der Digital Advertising Alliance deaktivieren: <a title=\"aboutads choises\" href=\"http:\/\/www.aboutads.info\/choices\/\" target=\"_blank\" rel=\"noopener\">http:\/\/www.aboutads.info\/choices\/<\/a><\/p><p>Rechtsgrundlage ist Art. 6 Absatz 1 Unterabsatz 1 Buchstabe f DSGVO. Wir haben ein berechtigtes Interesse daran, Sie gezielt mit Werbung f\u00fcr unsere Produkte anzusprechen, f\u00fcr die Sie sich auf unseren Seiten interessiert haben.<\/p><p>Wir verwenden auf dieser Website das Tracking \u00fcber das Facebook Pixel. <a href=\"https:\/\/www.schrankplaner.de\/datenschutz#\">Hier klicken<\/a> um das Tracking zu deaktivieren<\/p><h3><strong>10. Kontaktm\u00f6glichkeiten und Ihre Rechte<\/strong><\/h3><p>Sie haben ein Recht auf unentgeltliche Auskunft \u00fcber die bei uns zu Ihrer Person gespeicherten Daten sowie ggf. ein Recht auf Berichtigung, Einschr\u00e4nkung der Verarbeitung, auf Daten\u00fcbertragbarkeit oder L\u00f6schung dieser Daten.<\/p><p>Bei Fragen zur Erhebung, Verarbeitung oder Nutzung Ihrer personenbezogenen Daten, bei Ausk\u00fcnften, Berichtigung, Sperrung oder L\u00f6schung von Daten sowie Widerruf erteilter Einwilligungen oder Widerspruch gegen eine bestimmte Datenverwendung wenden Sie sich bitte direkt an uns \u00fcber die Kontaktdaten in unserem Impressum.<\/p><p>Daneben haben Sie ein Beschwerderecht bei der zust\u00e4ndigen Datenschutz-Aufsichtsbeh\u00f6rde.<\/p><div><p>********************************************************************<br \/><strong>Widerspruchsrecht<\/strong><br \/>Soweit wir zur Wahrung unserer im Rahmen einer Interessensabw\u00e4gung \u00fcberwiegenden berechtigten Interessen personenbezogene Daten wie oben erl\u00e4utert verarbeiten, k\u00f6nnen Sie dieser Verarbeitung mit Wirkung f\u00fcr die Zukunft widersprechen. Erfolgt die Verarbeitung zu Zwecken des Direktmarketings, k\u00f6nnen Sie dieses Recht jederzeit wie oben beschrieben aus\u00fcben. Soweit die Verarbeitung zu anderen Zwecken erfolgt, steht Ihnen ein Widerspruchsrecht nur bei Vorliegen von Gr\u00fcnden, die sich aus Ihrer besonderen Situation ergeben, zu.<\/p><p>Nach Aus\u00fcbung Ihres Widerspruchsrechts werden wir Ihre personenbezogenen Daten nicht weiter zu diesen Zwecken verarbeiten, es sei denn, wir k\u00f6nnen zwingende schutzw\u00fcrdige Gr\u00fcnde f\u00fcr die Verarbeitung nachweisen, die Ihre Interessen, Rechte und Freiheiten \u00fcberwiegen, oder wenn die Verarbeitung der Geltendmachung, Aus\u00fcbung oder Verteidigung von Rechtsanspr\u00fcchen dient.<\/p><p>Dies gilt nicht, wenn die Verarbeitung zu Zwecken des Direktmarketings erfolgt. Dann werden wir Ihre personenbezogenen Daten nicht weiter zu diesem Zweck verarbeiten. ********************************************************************<\/p><\/div><h3><strong>11. Widerspruch Werbe-Mails<\/strong><\/h3><p>Der Nutzung von im Rahmen der Impressumspflicht ver\u00f6ffentlichten Kontaktdaten zur \u00dcbersendung von nicht ausdr\u00fccklich angeforderter Werbung und Informationsmaterialien wird hiermit widersprochen. Die Betreiber der Seiten behalten sich ausdr\u00fccklich rechtliche Schritte im Falle der unverlangten Zusendung von Werbeinformationen, etwa durch Spam-E-Mails, vor.<\/p><h3><strong>12. Datenschutzbeauftragter<\/strong><\/h3><p><strong>Schumacher GmbH &amp; Co. KG<\/strong><\/p><p>Herr Tim Kaltenbach<\/p><p>Hauptstr. 35<br \/>D-53518 Leimbach<br \/>Tel +49 2691 9328-65<br \/>tim(-at-)schrankplaner.de<\/p><p>Aus Gr\u00fcnden der Spamfilterung haben wir das @-Zeichen in der E-Mail Adresse ausgeschrieben. Setzen Sie bitte f\u00fcr (-at-) das @-Zeichen ein.<\/p><p><i><a title=\"Datenschutzerkl\u00e4rung\" href=\"http:\/\/shop.trustedshops.de\/rechtstexte-kostenlos\" target=\"_blank\" rel=\"nofollow noopener\">Datenschutzerkl\u00e4rung<\/a> erstellt mit dem <a title=\"Trusted Shops\" href=\"https:\/\/shop.trustedshops.com\/de\/\" target=\"_blank\" rel=\"nofollow noopener\">Trusted Shops<\/a> Rechtstexter in Kooperation mit <a title=\"Wilde Beuger Solmecke Rechtsanw\u00e4lte\" href=\"http:\/\/www.wbs-law.de\" target=\"_blank\" rel=\"nofollow noopener\">Wilde Beuger Solmecke Rechtsanw\u00e4lte<\/a>.<\/i><\/p>\t\t\t\t\t\t\t\t<\/div>\n\t\t\t\t<\/div>\n\t\t\t\t\t<\/div>\n\t\t<\/div>\n\t\t\t\t\t<\/div>\n\t\t<\/section>\n\t\t\t\t<section data-particle_enable=\"false\" data-particle-mobile-disabled=\"false\" class=\"elementor-section elementor-top-section elementor-element elementor-element-24121dd3 elementor-section-boxed elementor-section-height-default elementor-section-height-default\" data-id=\"24121dd3\" data-element_type=\"section\" data-settings=\"{&quot;background_background&quot;:&quot;classic&quot;}\">\n\t\t\t\t\t\t<div class=\"elementor-container elementor-column-gap-default\">\n\t\t\t\t\t<div class=\"elementor-column elementor-col-25 elementor-top-column elementor-element elementor-element-fe70b16\" data-id=\"fe70b16\" data-element_type=\"column\">\n\t\t\t<div class=\"elementor-widget-wrap elementor-element-populated\">\n\t\t\t\t\t\t<div class=\"elementor-element elementor-element-5b7a10e7 elementor-widget elementor-widget-global elementor-global-1268 elementor-widget-text-editor\" data-id=\"5b7a10e7\" data-element_type=\"widget\" data-widget_type=\"text-editor.default\">\n\t\t\t\t<div class=\"elementor-widget-container\">\n\t\t\t\t\t\t\t\t\t<h4><em><span style=\"color: #ffffff;\">Service<\/span><\/em><\/h4>\n<br>\n<p style=\"padding-left: 40px;\"><span style=\"color: #ffffff;\"><a style=\"color: #ffffff;\" title=\"Expresslieferung\" href=\"https:\/\/www.schrankplaner.de\/expresslieferung\">Expresslieferung<\/a><\/span>\n<br>\n<span style=\"color: #ffffff;\"><a style=\"color: #ffffff;\" title=\"Musterdekore\" href=\"https:\/\/www.schrankplaner.de\/service\/musterdekore\">Musterdekore<\/a><\/span>\n<br>\n<span style=\"color: #ffffff;\"><a style=\"color: #ffffff;\" title=\"Aufma\u00dfanleitungen\" href=\"https:\/\/www.schrankplaner.de\/service\/aufmassanleitungen\">Aufma\u00dfanleitungen<\/a><\/span>\n<br>\n<span style=\"color: #ffffff;\"><a style=\"color: #ffffff;\" title=\"Aufbauanleitung\" href=\"https:\/\/www.schrankplaner.de\/kontakt\">Aufbauanleitung<\/a><\/span>\n<br>\n<span style=\"color: #ffffff;\"><a style=\"color: #ffffff;\" title=\"Beratung\" href=\"https:\/\/www.schrankplaner.de\/kontakt\">Beratung<\/a><\/span>\n<br>\n<span style=\"color: #ffffff;\"><a style=\"color: #ffffff;\" title=\"Ausstellung\" href=\"https:\/\/www.schrankplaner.de\/ausstellung-massmoebel-hersteller\">Ausstellung<\/a><\/span>\n<br>\n<span style=\"color: #ffffff;\"><a style=\"color: #ffffff;\" title=\"Aufma\u00dfservice\" href=\"https:\/\/www.schrankplaner.de\/service-aufmassservice\">Aufma\u00dfservice<\/a><\/span>\n<br>\n<span style=\"color: #ffffff;\"><a style=\"color: #ffffff;\" title=\"Montageservice\" href=\"https:\/\/www.schrankplaner.de\/service\/montageservice\">Montageservice<\/a><\/span>\n<br>\n<span style=\"color: #ffffff;\"><a style=\"color: #ffffff;\" title=\"Teile nachbestellen\" href=\"https:\/\/www.schrankplaner.de\/service\/nachbestellen\">Teile nachbestellen<\/a><\/span>\n<br>\n<span style=\"color: #ffffff;\"><a style=\"color: #ffffff;\" title=\"Lieferung und Verpackung\" href=\"https:\/\/www.schrankplaner.de\/service\/lieferung-verpackung\">Lieferung und Verpackung<\/a><\/span>\n<br>\n<span style=\"color: #ffffff;\"><a style=\"color: #ffffff;\" title=\"Sonderw\u00fcnsche\" href=\"https:\/\/www.schrankplaner.de\/service\/sonderwuensche\">Sonderw\u00fcnsche<\/a><\/span>\n<br>\n<span style=\"color: #ffffff;\"><a style=\"color: #ffffff;\" title=\"Auslandslieferung\" href=\"https:\/\/www.schrankplaner.de\/service\/auslandslieferung\">Auslandslieferung<\/a><\/span>\n<br>\n<span style=\"color: #ffffff;\"><a style=\"color: #ffffff;\" href=\"https:\/\/www.schrankplaner.de\/tischlerangebot-vergleichen\">Tischlerangebot vergleichen<\/a><\/span>\n<br>\n<span style=\"color: #ffffff;\"><a style=\"color: #ffffff;\" href=\"https:\/\/www.schrankplaner.de\/moebel-gutschein-bestellen\">Gutschein verschenken<\/a><\/span>\n<br>\n<span style=\"color: #ffffff;\"><a style=\"color: #ffffff;\" title=\"Rabatt Dekore\" href=\"https:\/\/www.schrankplaner.de\/aktions-dekore\">Aktions-Dekore<\/a><\/span>\n<br>\n<span style=\"color: #ffffff;\"><a style=\"color: #ffffff;\" title=\"H\u00e4ufige Fragen\" href=\"https:\/\/www.schrankplaner.de\/service\/faq\">H\u00e4ufige Fragen<\/a><\/span><\/p>\t\t\t\t\t\t\t\t<\/div>\n\t\t\t\t<\/div>\n\t\t\t\t\t<\/div>\n\t\t<\/div>\n\t\t\t\t<div class=\"elementor-column elementor-col-25 elementor-top-column elementor-element elementor-element-93b063d\" data-id=\"93b063d\" data-element_type=\"column\">\n\t\t\t<div class=\"elementor-widget-wrap elementor-element-populated\">\n\t\t\t\t\t\t<div class=\"elementor-element elementor-element-6d208297 elementor-widget elementor-widget-global elementor-global-1271 elementor-widget-text-editor\" data-id=\"6d208297\" data-element_type=\"widget\" data-widget_type=\"text-editor.default\">\n\t\t\t\t<div class=\"elementor-widget-container\">\n\t\t\t\t\t\t\t\t\t<h4><span style=\"color: #ffffff;\"><em>Sicherheit<\/em><\/span><\/h4>\n<br>\n<p style=\"padding-left: 40px;\"><span style=\"color: #ffffff;\"><a style=\"color: #ffffff;\" title=\"5 Jahre Garantie\" href=\"https:\/\/www.schrankplaner.de\/5-jahre-garantie\">5 Jahre Garantie<\/a><\/span>\n<br>\n<span style=\"color: #ffffff;\"><a style=\"color: #ffffff;\" title=\"Zahlungsarten\" href=\"https:\/\/www.schrankplaner.de\/service\/zahlungsarten\">Zahlungsarten<\/a><\/span>\n<br>\n<span style=\"color: #ffffff;\"><a style=\"color: #ffffff;\" title=\"Kundenstimmen\" href=\"https:\/\/www.schrankplaner.de\/kundenstimmen\">Kundenstimmen<\/a><\/span>\n<br>\n<span style=\"color: #ffffff;\"><a style=\"color: #ffffff;\" title=\"Datenschutz\" href=\"https:\/\/www.schrankplaner.de\/datenschutz\">Datenschutz<\/a><\/span>\n<br>\n<a title=\"Ausgezeichnete Verarbeitung &amp; Teile\" href=\"https:\/\/www.schrankplaner.de\/qualitaet\"><span style=\"color: #ffffff;\">Ausgezeichnete Verarbeitung &amp; Teile<\/span><\/a><\/p>\t\t\t\t\t\t\t\t<\/div>\n\t\t\t\t<\/div>\n\t\t\t\t\t<\/div>\n\t\t<\/div>\n\t\t\t\t<div class=\"elementor-column elementor-col-25 elementor-top-column elementor-element elementor-element-6f87cb94\" data-id=\"6f87cb94\" data-element_type=\"column\">\n\t\t\t<div class=\"elementor-widget-wrap elementor-element-populated\">\n\t\t\t\t\t\t<div class=\"elementor-element elementor-element-42ab5355 elementor-widget elementor-widget-global elementor-global-1274 elementor-widget-text-editor\" data-id=\"42ab5355\" data-element_type=\"widget\" data-widget_type=\"text-editor.default\">\n\t\t\t\t<div class=\"elementor-widget-container\">\n\t\t\t\t\t\t\t\t\t<h4><span style=\"color: #ffffff;\"><em>Produkte<\/em><\/span><\/h4>\n<br>\n<p style=\"padding-left: 40px;\"><span style=\"color: #ffffff;\"><a style=\"color: #ffffff;\" title=\"Dachschr\u00e4genschrank\" href=\"https:\/\/www.schrankplaner.de\/dachschraegenschrank\" target=\"_self\">Dachschr\u00e4gen Schrank<\/a><\/span>\n<br>\n<span style=\"color: #ffffff;\"><a style=\"color: #ffffff;\" title=\"Kleiderschrank\" href=\"https:\/\/www.schrankplaner.de\/moebel-planen\/kleiderschrank\">Kleiderschrank<\/a><\/span>\n<br>\n<span style=\"color: #ffffff;\"><a style=\"color: #ffffff;\" title=\"Schwebet\u00fcrenschrank\" href=\"https:\/\/www.schrankplaner.de\/moebel-planen\/schwebetuerenschrank\">Schwebet\u00fcrenschrank<\/a><\/span>\n<br>\n<span style=\"color: #ffffff;\"><a style=\"color: #ffffff;\" title=\"Aktenschrank\" href=\"https:\/\/www.schrankplaner.de\/aktenschrank\">Aktenschrank<\/a><\/span>\n<br>\n<span style=\"color: #ffffff;\"><a style=\"color: #ffffff;\" title=\"Ankleide\" href=\"https:\/\/www.schrankplaner.de\/ankleide\">Ankleide<\/a><\/span>\n<br>\n<span style=\"color: #ffffff;\"><a style=\"color: #ffffff;\" title=\"Einbauschrank\" href=\"https:\/\/www.schrankplaner.de\/moebel-planen\/einbauschrank\">Einbauschrank<\/a><\/span>\n<br>\n<span style=\"color: #ffffff;\"><a style=\"color: #ffffff;\" title=\"Eckschrank\" href=\"https:\/\/www.schrankplaner.de\/moebel-planen\/eckschrank\">Eckschrank<\/a><\/span>\n<br>\n<span style=\"color: #ffffff;\"><a style=\"color: #ffffff;\" title=\"Regal\" href=\"https:\/\/www.schrankplaner.de\/moebel-planen\/regal\">Regal<\/a><\/span>\n<br>\n<span style=\"color: #ffffff;\"><a style=\"color: #ffffff;\" title=\"Schiebet\u00fcr\" href=\"https:\/\/www.schrankplaner.de\/moebel-planen\/schiebetuer\">Schiebet\u00fcr<\/a><\/span>\n<br>\n<span style=\"color: #ffffff;\"><a style=\"color: #ffffff;\" title=\"Sideboard\" href=\"https:\/\/www.schrankplaner.de\/moebel-planen\/sideboard\">Sideboard<\/a><\/span>\n<br>\n<span style=\"color: #ffffff;\"><a style=\"color: #ffffff;\" title=\"Kommode\" href=\"https:\/\/www.schrankplaner.de\/moebel-planen\/kommode\">Kommode<\/a><\/span>\n<br>\n<span style=\"color: #ffffff;\"><a style=\"color: #ffffff;\" title=\"H\u00e4ngeboard\" href=\"https:\/\/www.schrankplaner.de\/moebel-planen\/haengeboard\">H\u00e4ngeboard<\/a><\/span>\n<br>\n<a title=\"Tisch\" href=\"https:\/\/www.schrankplaner.de\/moebel-planen\/tisch-nach-mass\"><span style=\"color: #ffffff;\">Tisch<\/span><\/a><\/p>\t\t\t\t\t\t\t\t<\/div>\n\t\t\t\t<\/div>\n\t\t\t\t\t<\/div>\n\t\t<\/div>\n\t\t\t\t<div class=\"elementor-column elementor-col-25 elementor-top-column elementor-element elementor-element-3e171ebe\" data-id=\"3e171ebe\" data-element_type=\"column\">\n\t\t\t<div class=\"elementor-widget-wrap elementor-element-populated\">\n\t\t\t\t\t\t<div class=\"elementor-element elementor-element-1e6a3f68 elementor-widget elementor-widget-global elementor-global-1277 elementor-widget-text-editor\" data-id=\"1e6a3f68\" data-element_type=\"widget\" data-widget_type=\"text-editor.default\">\n\t\t\t\t<div class=\"elementor-widget-container\">\n\t\t\t\t\t\t\t\t\t<h4><span style=\"color: #ffffff;\"><em>Unternehmen<\/em><\/span><\/h4>\n<br>\n<p style=\"padding-left: 40px;\"><span style=\"color: #ffffff;\"><a style=\"color: #ffffff;\" title=\"Impressum\" href=\"https:\/\/www.schrankplaner.de\/impressum\">Impressum<\/a><\/span>\n<br>\n<span style=\"color: #ffffff;\"><a style=\"color: #ffffff;\" title=\"AGB\" href=\"https:\/\/www.schrankplaner.de\/agb\">AGB<\/a><\/span>\n<br>\n<span style=\"color: #ffffff;\"><a style=\"color: #ffffff;\" title=\"Kontakt\" href=\"https:\/\/www.schrankplaner.de\/kontakt\">Kontakt<\/a><\/span>\n<br>\n<span style=\"color: #ffffff;\"><a style=\"color: #ffffff;\" title=\"Das Schrankplaner System\" href=\"https:\/\/www.schrankplaner.de\/schrankplaner-system\">Das Schrankplaner System<\/a><\/span>\n<br>\n<span style=\"color: #ffffff;\"><a style=\"color: #ffffff;\" title=\"Schrankplaner im Tv\" href=\"https:\/\/www.schrankplaner.de\/schrankplaner-im-tv\">Schrankplaner im Tv<\/a><\/span>\n<br>\n<span style=\"color: #ffffff;\"><a style=\"color: #ffffff;\" title=\"Themen\u00fcbersicht\" href=\"https:\/\/www.schrankplaner.de\/sitemap\">Themen\u00fcbersicht<\/a><\/span>\n<br>\n<span style=\"color: #ffffff;\"><a style=\"color: #ffffff;\" title=\"Jobs\" href=\"https:\/\/www.schrankplaner.de\/jobs\">Jobs<\/a><\/span>\n<br>\n<span style=\"color: #ffffff;\"><a style=\"color: #ffffff;\" href=\"https:\/\/www.schrankplaner.de\/objekteinrichtung-nach-mass\">B2B Objekteinrichtung<\/a><\/span>\n<br>\n<a title=\"M\u00f6belteile f\u00fcr Tischler &amp; Schreiner nach Ma\u00df\" href=\"https:\/\/www.schrankplaner.de\/mobelfertigteile-fuer-schreiner-tischler-nach-mass\"><span style=\"color: #ffffff;\">M\u00f6belfertigteile f\u00fcr Schreiner<\/span><\/a><\/p>\t\t\t\t\t\t\t\t<\/div>\n\t\t\t\t<\/div>\n\t\t\t\t\t<\/div>\n\t\t<\/div>\n\t\t\t\t\t<\/div>\n\t\t<\/section>\n\t\t\t\t<section data-particle_enable=\"false\" data-particle-mobile-disabled=\"false\" class=\"elementor-section elementor-top-section elementor-element elementor-element-19e60c4d elementor-section-boxed elementor-section-height-default elementor-section-height-default\" data-id=\"19e60c4d\" data-element_type=\"section\">\n\t\t\t\t\t\t<div class=\"elementor-container elementor-column-gap-default\">\n\t\t\t\t\t<div class=\"elementor-column elementor-col-100 elementor-top-column elementor-element elementor-element-88dbf9c\" data-id=\"88dbf9c\" data-element_type=\"column\">\n\t\t\t<div class=\"elementor-widget-wrap\">\n\t\t\t\t\t\t\t<\/div>\n\t\t<\/div>\n\t\t\t\t\t<\/div>\n\t\t<\/section>\n\t\t\t\t<section data-particle_enable=\"false\" data-particle-mobile-disabled=\"false\" class=\"elementor-section elementor-top-section elementor-element elementor-element-762252d3 elementor-section-boxed elementor-section-height-default elementor-section-height-default\" data-id=\"762252d3\" data-element_type=\"section\" data-settings=\"{&quot;background_background&quot;:&quot;classic&quot;}\">\n\t\t\t\t\t\t<div class=\"elementor-container elementor-column-gap-default\">\n\t\t\t\t\t<div class=\"elementor-column elementor-col-100 elementor-top-column elementor-element elementor-element-14faea91\" data-id=\"14faea91\" data-element_type=\"column\">\n\t\t\t<div class=\"elementor-widget-wrap elementor-element-populated\">\n\t\t\t\t\t\t<div class=\"elementor-element elementor-element-15c08a88 elementor-widget elementor-widget-global elementor-global-1280 elementor-widget-text-editor\" data-id=\"15c08a88\" data-element_type=\"widget\" data-widget_type=\"text-editor.default\">\n\t\t\t\t<div class=\"elementor-widget-container\">\n\t\t\t\t\t\t\t\t\t<sub>\u00a9 2024 schrankplaner.de. All Rights Reserved.<\/sub>\t\t\t\t\t\t\t\t<\/div>\n\t\t\t\t<\/div>\n\t\t\t\t\t<\/div>\n\t\t<\/div>\n\t\t\t\t\t<\/div>\n\t\t<\/section>\n\t\t\t\t<\/div>\n\t\t","protected":false},"excerpt":{"rendered":"<p>\u25cf 2-Mann Lieferung \u25cf Made in Germany \u25cf 5 Jahre Garantie \u25cf 50.000 Schr\u00e4nke Erfahrung \u25cf 3 &#8211; 5 Wochen Lieferzeit oder Expresslieferung \u25cf Kundenurteil: sehr gut Datenschutzerkl\u00e4rung Datenschutz Wir freuen uns \u00fcber Ihr Interesse an unserem Online-Shop. Der Schutz Ihrer Privatsph\u00e4re ist f\u00fcr uns sehr wichtig. Nachstehend informieren wir Sie ausf\u00fchrlich \u00fcber den Umgang [&hellip;]<\/p>\n","protected":false},"author":2,"featured_media":0,"parent":0,"menu_order":0,"comment_status":"closed","ping_status":"closed","template":"elementor_canvas","meta":{"site-sidebar-layout":"default","site-content-layout":"default","ast-site-content-layout":"default","site-content-style":"default","site-sidebar-style":"default","ast-global-header-display":"","ast-banner-title-visibility":"","ast-main-header-display":"","ast-hfb-above-header-display":"","ast-hfb-below-header-display":"","ast-hfb-mobile-header-display":"","site-post-title":"","ast-breadcrumbs-content":"","ast-featured-img":"","footer-sml-layout":"","theme-transparent-header-meta":"default","adv-header-id-meta":"","stick-header-meta":"","header-above-stick-meta":"","header-main-stick-meta":"","header-below-stick-meta":"","astra-migrate-meta-layouts":"set","ast-page-background-enabled":"default","ast-page-background-meta":{"desktop":{"background-color":"var(--ast-global-color-4)","background-image":"","background-repeat":"repeat","background-position":"center center","background-size":"auto","background-attachment":"scroll","background-type":"","background-media":"","overlay-type":"","overlay-color":"","overlay-opacity":"","overlay-gradient":""},"tablet":{"background-color":"","background-image":"","background-repeat":"repeat","background-position":"center center","background-size":"auto","background-attachment":"scroll","background-type":"","background-media":"","overlay-type":"","overlay-color":"","overlay-opacity":"","overlay-gradient":""},"mobile":{"background-color":"","background-image":"","background-repeat":"repeat","background-position":"center center","background-size":"auto","background-attachment":"scroll","background-type":"","background-media":"","overlay-type":"","overlay-color":"","overlay-opacity":"","overlay-gradient":""}},"ast-content-background-meta":{"desktop":{"background-color":"var(--ast-global-color-5)","background-image":"","background-repeat":"repeat","background-position":"center center","background-size":"auto","background-attachment":"scroll","background-type":"","background-media":"","overlay-type":"","overlay-color":"","overlay-opacity":"","overlay-gradient":""},"tablet":{"background-color":"var(--ast-global-color-5)","background-image":"","background-repeat":"repeat","background-position":"center center","background-size":"auto","background-attachment":"scroll","background-type":"","background-media":"","overlay-type":"","overlay-color":"","overlay-opacity":"","overlay-gradient":""},"mobile":{"background-color":"var(--ast-global-color-5)","background-image":"","background-repeat":"repeat","background-position":"center center","background-size":"auto","background-attachment":"scroll","background-type":"","background-media":"","overlay-type":"","overlay-color":"","overlay-opacity":"","overlay-gradient":""}},"footnotes":""},"class_list":["post-3","page","type-page","status-publish","hentry"],"yoast_head":"<!-- This site is optimized with the Yoast SEO plugin v26.9 - https:\/\/yoast.com\/product\/yoast-seo-wordpress\/ -->\n<title>Datenschutzerkl\u00e4rung | Schrankplaner Exklusiv<\/title>\n<meta name=\"robots\" content=\"noindex, follow\" \/>\n<meta property=\"og:locale\" content=\"de_DE\" \/>\n<meta property=\"og:type\" content=\"article\" \/>\n<meta property=\"og:title\" content=\"Datenschutzerkl\u00e4rung | Schrankplaner Exklusiv\" \/>\n<meta property=\"og:description\" content=\"\u25cf 2-Mann Lieferung \u25cf Made in Germany \u25cf 5 Jahre Garantie \u25cf 50.000 Schr\u00e4nke Erfahrung \u25cf 3 &#8211; 5 Wochen Lieferzeit oder Expresslieferung \u25cf Kundenurteil: sehr gut Datenschutzerkl\u00e4rung Datenschutz Wir freuen uns \u00fcber Ihr Interesse an unserem Online-Shop. Der Schutz Ihrer Privatsph\u00e4re ist f\u00fcr uns sehr wichtig. Nachstehend informieren wir Sie ausf\u00fchrlich \u00fcber den Umgang [&hellip;]\" \/>\n<meta property=\"og:url\" content=\"https:\/\/www.schrankplaner.de\/exklusiv\/datenschutzerklaerung\/\" \/>\n<meta property=\"og:site_name\" content=\"Schrankplaner Exklusiv\" \/>\n<meta property=\"article:modified_time\" content=\"2025-01-07T12:02:50+00:00\" \/>\n<meta property=\"og:image\" content=\"https:\/\/www.schrankplaner.de\/exklusiv\/wp-content\/uploads\/2020\/02\/tel.png\" \/>\n<meta name=\"twitter:card\" content=\"summary_large_image\" \/>\n<meta name=\"twitter:label1\" content=\"Gesch\u00e4tzte Lesezeit\" \/>\n\t<meta name=\"twitter:data1\" content=\"20\u00a0Minuten\" \/>\n<script type=\"application\/ld+json\" class=\"yoast-schema-graph\">{\"@context\":\"https:\/\/schema.org\",\"@graph\":[{\"@type\":\"WebPage\",\"@id\":\"https:\/\/www.schrankplaner.de\/exklusiv\/datenschutzerklaerung\/\",\"url\":\"https:\/\/www.schrankplaner.de\/exklusiv\/datenschutzerklaerung\/\",\"name\":\"Datenschutzerkl\u00e4rung | Schrankplaner Exklusiv\",\"isPartOf\":{\"@id\":\"https:\/\/www.schrankplaner.de\/exklusiv\/#website\"},\"primaryImageOfPage\":{\"@id\":\"https:\/\/www.schrankplaner.de\/exklusiv\/datenschutzerklaerung\/#primaryimage\"},\"image\":{\"@id\":\"https:\/\/www.schrankplaner.de\/exklusiv\/datenschutzerklaerung\/#primaryimage\"},\"thumbnailUrl\":\"https:\/\/www.schrankplaner.de\/exklusiv\/wp-content\/uploads\/2020\/02\/tel.png\",\"datePublished\":\"2018-11-05T10:43:27+00:00\",\"dateModified\":\"2025-01-07T12:02:50+00:00\",\"breadcrumb\":{\"@id\":\"https:\/\/www.schrankplaner.de\/exklusiv\/datenschutzerklaerung\/#breadcrumb\"},\"inLanguage\":\"de\",\"potentialAction\":[{\"@type\":\"ReadAction\",\"target\":[\"https:\/\/www.schrankplaner.de\/exklusiv\/datenschutzerklaerung\/\"]}]},{\"@type\":\"ImageObject\",\"inLanguage\":\"de\",\"@id\":\"https:\/\/www.schrankplaner.de\/exklusiv\/datenschutzerklaerung\/#primaryimage\",\"url\":\"https:\/\/www.schrankplaner.de\/exklusiv\/wp-content\/uploads\/2020\/02\/tel.png\",\"contentUrl\":\"https:\/\/www.schrankplaner.de\/exklusiv\/wp-content\/uploads\/2020\/02\/tel.png\",\"width\":178,\"height\":34,\"caption\":\"tel\"},{\"@type\":\"BreadcrumbList\",\"@id\":\"https:\/\/www.schrankplaner.de\/exklusiv\/datenschutzerklaerung\/#breadcrumb\",\"itemListElement\":[{\"@type\":\"ListItem\",\"position\":1,\"name\":\"Startseite\",\"item\":\"https:\/\/www.schrankplaner.de\/exklusiv\/\"},{\"@type\":\"ListItem\",\"position\":2,\"name\":\"Datenschutzerkl\u00e4rung\"}]},{\"@type\":\"WebSite\",\"@id\":\"https:\/\/www.schrankplaner.de\/exklusiv\/#website\",\"url\":\"https:\/\/www.schrankplaner.de\/exklusiv\/\",\"name\":\"Schrankplaner Exklusiv\",\"description\":\"\",\"publisher\":{\"@id\":\"https:\/\/www.schrankplaner.de\/exklusiv\/#organization\"},\"potentialAction\":[{\"@type\":\"SearchAction\",\"target\":{\"@type\":\"EntryPoint\",\"urlTemplate\":\"https:\/\/www.schrankplaner.de\/exklusiv\/?s={search_term_string}\"},\"query-input\":{\"@type\":\"PropertyValueSpecification\",\"valueRequired\":true,\"valueName\":\"search_term_string\"}}],\"inLanguage\":\"de\"},{\"@type\":\"Organization\",\"@id\":\"https:\/\/www.schrankplaner.de\/exklusiv\/#organization\",\"name\":\"Schrankplaner Exklusiv\",\"url\":\"https:\/\/www.schrankplaner.de\/exklusiv\/\",\"logo\":{\"@type\":\"ImageObject\",\"inLanguage\":\"de\",\"@id\":\"https:\/\/www.schrankplaner.de\/exklusiv\/#\/schema\/logo\/image\/\",\"url\":\"https:\/\/www.schrankplaner.de\/exklusiv\/wp-content\/uploads\/2020\/02\/cropped-Logo-Schrankplaner-Exklusiv.png\",\"contentUrl\":\"https:\/\/www.schrankplaner.de\/exklusiv\/wp-content\/uploads\/2020\/02\/cropped-Logo-Schrankplaner-Exklusiv.png\",\"width\":61,\"height\":61,\"caption\":\"Schrankplaner Exklusiv\"},\"image\":{\"@id\":\"https:\/\/www.schrankplaner.de\/exklusiv\/#\/schema\/logo\/image\/\"}}]}<\/script>\n<!-- \/ Yoast SEO plugin. -->","yoast_head_json":{"title":"Datenschutzerkl\u00e4rung | Schrankplaner Exklusiv","robots":{"index":"noindex","follow":"follow"},"og_locale":"de_DE","og_type":"article","og_title":"Datenschutzerkl\u00e4rung | Schrankplaner Exklusiv","og_description":"\u25cf 2-Mann Lieferung \u25cf Made in Germany \u25cf 5 Jahre Garantie \u25cf 50.000 Schr\u00e4nke Erfahrung \u25cf 3 &#8211; 5 Wochen Lieferzeit oder Expresslieferung \u25cf Kundenurteil: sehr gut Datenschutzerkl\u00e4rung Datenschutz Wir freuen uns \u00fcber Ihr Interesse an unserem Online-Shop. Der Schutz Ihrer Privatsph\u00e4re ist f\u00fcr uns sehr wichtig. Nachstehend informieren wir Sie ausf\u00fchrlich \u00fcber den Umgang [&hellip;]","og_url":"https:\/\/www.schrankplaner.de\/exklusiv\/datenschutzerklaerung\/","og_site_name":"Schrankplaner Exklusiv","article_modified_time":"2025-01-07T12:02:50+00:00","og_image":[{"url":"https:\/\/www.schrankplaner.de\/exklusiv\/wp-content\/uploads\/2020\/02\/tel.png","type":"","width":"","height":""}],"twitter_card":"summary_large_image","twitter_misc":{"Gesch\u00e4tzte Lesezeit":"20\u00a0Minuten"},"schema":{"@context":"https:\/\/schema.org","@graph":[{"@type":"WebPage","@id":"https:\/\/www.schrankplaner.de\/exklusiv\/datenschutzerklaerung\/","url":"https:\/\/www.schrankplaner.de\/exklusiv\/datenschutzerklaerung\/","name":"Datenschutzerkl\u00e4rung | Schrankplaner Exklusiv","isPartOf":{"@id":"https:\/\/www.schrankplaner.de\/exklusiv\/#website"},"primaryImageOfPage":{"@id":"https:\/\/www.schrankplaner.de\/exklusiv\/datenschutzerklaerung\/#primaryimage"},"image":{"@id":"https:\/\/www.schrankplaner.de\/exklusiv\/datenschutzerklaerung\/#primaryimage"},"thumbnailUrl":"https:\/\/www.schrankplaner.de\/exklusiv\/wp-content\/uploads\/2020\/02\/tel.png","datePublished":"2018-11-05T10:43:27+00:00","dateModified":"2025-01-07T12:02:50+00:00","breadcrumb":{"@id":"https:\/\/www.schrankplaner.de\/exklusiv\/datenschutzerklaerung\/#breadcrumb"},"inLanguage":"de","potentialAction":[{"@type":"ReadAction","target":["https:\/\/www.schrankplaner.de\/exklusiv\/datenschutzerklaerung\/"]}]},{"@type":"ImageObject","inLanguage":"de","@id":"https:\/\/www.schrankplaner.de\/exklusiv\/datenschutzerklaerung\/#primaryimage","url":"https:\/\/www.schrankplaner.de\/exklusiv\/wp-content\/uploads\/2020\/02\/tel.png","contentUrl":"https:\/\/www.schrankplaner.de\/exklusiv\/wp-content\/uploads\/2020\/02\/tel.png","width":178,"height":34,"caption":"tel"},{"@type":"BreadcrumbList","@id":"https:\/\/www.schrankplaner.de\/exklusiv\/datenschutzerklaerung\/#breadcrumb","itemListElement":[{"@type":"ListItem","position":1,"name":"Startseite","item":"https:\/\/www.schrankplaner.de\/exklusiv\/"},{"@type":"ListItem","position":2,"name":"Datenschutzerkl\u00e4rung"}]},{"@type":"WebSite","@id":"https:\/\/www.schrankplaner.de\/exklusiv\/#website","url":"https:\/\/www.schrankplaner.de\/exklusiv\/","name":"Schrankplaner Exklusiv","description":"","publisher":{"@id":"https:\/\/www.schrankplaner.de\/exklusiv\/#organization"},"potentialAction":[{"@type":"SearchAction","target":{"@type":"EntryPoint","urlTemplate":"https:\/\/www.schrankplaner.de\/exklusiv\/?s={search_term_string}"},"query-input":{"@type":"PropertyValueSpecification","valueRequired":true,"valueName":"search_term_string"}}],"inLanguage":"de"},{"@type":"Organization","@id":"https:\/\/www.schrankplaner.de\/exklusiv\/#organization","name":"Schrankplaner Exklusiv","url":"https:\/\/www.schrankplaner.de\/exklusiv\/","logo":{"@type":"ImageObject","inLanguage":"de","@id":"https:\/\/www.schrankplaner.de\/exklusiv\/#\/schema\/logo\/image\/","url":"https:\/\/www.schrankplaner.de\/exklusiv\/wp-content\/uploads\/2020\/02\/cropped-Logo-Schrankplaner-Exklusiv.png","contentUrl":"https:\/\/www.schrankplaner.de\/exklusiv\/wp-content\/uploads\/2020\/02\/cropped-Logo-Schrankplaner-Exklusiv.png","width":61,"height":61,"caption":"Schrankplaner Exklusiv"},"image":{"@id":"https:\/\/www.schrankplaner.de\/exklusiv\/#\/schema\/logo\/image\/"}}]}},"_links":{"self":[{"href":"https:\/\/www.schrankplaner.de\/exklusiv\/wp-json\/wp\/v2\/pages\/3","targetHints":{"allow":["GET"]}}],"collection":[{"href":"https:\/\/www.schrankplaner.de\/exklusiv\/wp-json\/wp\/v2\/pages"}],"about":[{"href":"https:\/\/www.schrankplaner.de\/exklusiv\/wp-json\/wp\/v2\/types\/page"}],"author":[{"embeddable":true,"href":"https:\/\/www.schrankplaner.de\/exklusiv\/wp-json\/wp\/v2\/users\/2"}],"replies":[{"embeddable":true,"href":"https:\/\/www.schrankplaner.de\/exklusiv\/wp-json\/wp\/v2\/comments?post=3"}],"version-history":[{"count":0,"href":"https:\/\/www.schrankplaner.de\/exklusiv\/wp-json\/wp\/v2\/pages\/3\/revisions"}],"wp:attachment":[{"href":"https:\/\/www.schrankplaner.de\/exklusiv\/wp-json\/wp\/v2\/media?parent=3"}],"curies":[{"name":"wp","href":"https:\/\/api.w.org\/{rel}","templated":true}]}}